
{"id":3879,"date":"2025-09-16T15:24:27","date_gmt":"2025-09-16T14:24:27","guid":{"rendered":"https:\/\/www.innovemployment.pt\/reglamento-de-formacion\/"},"modified":"2025-10-13T17:17:15","modified_gmt":"2025-10-13T16:17:15","slug":"reglamento-de-formacion","status":"publish","type":"page","link":"https:\/\/www.innovemployment.pt\/es\/reglamento-de-formacion\/","title":{"rendered":"Reglamento de Formaci\u00f3n"},"content":{"rendered":"[vc_row type=\u00bbfull_width_background\u00bb full_screen_row_position=\u00bbmiddle\u00bb column_margin=\u00bbdefault\u00bb column_direction=\u00bbdefault\u00bb column_direction_tablet=\u00bbdefault\u00bb column_direction_phone=\u00bbdefault\u00bb scene_position=\u00bbcenter\u00bb top_padding=\u00bb4%\u00bb bottom_padding=\u00bb4%\u00bb text_color=\u00bbdark\u00bb text_align=\u00bbleft\u00bb row_border_radius=\u00bbnone\u00bb row_border_radius_applies=\u00bbbg\u00bb overflow=\u00bbvisible\u00bb overlay_strength=\u00bb0.3&#8243; gradient_direction=\u00bbleft_to_right\u00bb shape_divider_position=\u00bbbottom\u00bb bg_image_animation=\u00bbnone\u00bb gradient_type=\u00bbdefault\u00bb shape_type=\u00bb\u00bb][vc_column column_padding=\u00bbno-extra-padding\u00bb column_padding_tablet=\u00bbinherit\u00bb column_padding_phone=\u00bbinherit\u00bb column_padding_position=\u00bball\u00bb column_element_direction_desktop=\u00bbdefault\u00bb column_element_spacing=\u00bbdefault\u00bb desktop_text_alignment=\u00bbdefault\u00bb tablet_text_alignment=\u00bbdefault\u00bb phone_text_alignment=\u00bbdefault\u00bb background_color_opacity=\u00bb1&#8243; background_hover_color_opacity=\u00bb1&#8243; column_backdrop_filter=\u00bbnone\u00bb column_shadow=\u00bbnone\u00bb column_border_radius=\u00bbnone\u00bb column_link_target=\u00bb_self\u00bb column_position=\u00bbdefault\u00bb gradient_direction=\u00bbleft_to_right\u00bb overlay_strength=\u00bb0.3&#8243; width=\u00bb1\/6&#8243; tablet_width_inherit=\u00bbdefault\u00bb animation_type=\u00bbdefault\u00bb bg_image_animation=\u00bbnone\u00bb border_type=\u00bbsimple\u00bb column_border_width=\u00bbnone\u00bb column_border_style=\u00bbsolid\u00bb][\/vc_column][vc_column column_padding=\u00bbno-extra-padding\u00bb column_padding_tablet=\u00bbinherit\u00bb column_padding_phone=\u00bbinherit\u00bb column_padding_position=\u00bball\u00bb column_element_direction_desktop=\u00bbdefault\u00bb column_element_spacing=\u00bbdefault\u00bb desktop_text_alignment=\u00bbdefault\u00bb tablet_text_alignment=\u00bbdefault\u00bb phone_text_alignment=\u00bbdefault\u00bb background_color_opacity=\u00bb1&#8243; background_hover_color_opacity=\u00bb1&#8243; column_backdrop_filter=\u00bbnone\u00bb font_color=\u00bb#555555&#8243; column_shadow=\u00bbnone\u00bb column_border_radius=\u00bbnone\u00bb column_link_target=\u00bb_self\u00bb column_position=\u00bbdefault\u00bb gradient_direction=\u00bbleft_to_right\u00bb overlay_strength=\u00bb0.3&#8243; width=\u00bb2\/3&#8243; tablet_width_inherit=\u00bbdefault\u00bb animation_type=\u00bbdefault\u00bb bg_image_animation=\u00bbnone\u00bb border_type=\u00bbsimple\u00bb column_border_width=\u00bbnone\u00bb column_border_style=\u00bbsolid\u00bb column_padding_type=\u00bbdefault\u00bb gradient_type=\u00bbdefault\u00bb][vc_column_text css=\u00bb\u00bb text_direction=\u00bbdefault\u00bb]\n<p style=\"text-align: center;\"><strong>Art\u00edculo 1\u00ba<br \/>\n<\/strong><strong>Creaci\u00f3n<\/strong><\/p>\n<p style=\"text-align: justify;\">Las acciones formativas impartidas por InnovEmployment &#8211; Gesti\u00f3n de Conocimiento, Unipersonal Lda., en adelante denominada INNOVEMPLOYMENT, son creadas por el Equipo de Formaci\u00f3n, constituido por Formadores, Coordinadores y Gestores y pueden resultar de Protocolos de Colaboraci\u00f3n firmados entre INNOVEMPLOYMENT y otras entidades.<\/p>\n<p style=\"text-align: center;\"><strong>Art\u00edculo 2\u00ba<br \/>\n<\/strong><strong>Objetivo<\/strong><\/p>\n<p style=\"text-align: justify;\">Las acciones formativas impartidas por InnovEmployment tienen como objetivo proporcionar la preparaci\u00f3n te\u00f3rica y pr\u00e1ctica necesaria para la formaci\u00f3n de t\u00e9cnicos especializados en el ejercicio de las funciones en las que est\u00e1n obteniendo conocimientos espec\u00edficos.<\/p>\n<p style=\"text-align: center;\"><strong>Art\u00edculo 3\u00ba<br \/>\n<\/strong><strong>Difusi\u00f3n de la Oferta Formativa<\/strong><\/p>\n<p style=\"text-align: justify;\">Todas las iniciativas de formaci\u00f3n de InnovEmployment pueden ser objeto de difusi\u00f3n a trav\u00e9s de los siguientes medios: <em>media<\/em>, <em>newsletters<\/em>; p\u00e1ginas de <em>Internet<\/em>; socios, contacto directo en las instalaciones y presentaci\u00f3n en empresas.<\/p>\n<p style=\"text-align: center;\"><strong>Art\u00edculo 4\u00ba<br \/>\n<\/strong><strong>Horario, lugar y calendario de la Oferta Formativa<br \/>\n<\/strong><\/p>\n<ol style=\"text-align: justify;\">\n<li>Las acciones formativas se realizan en las instalaciones de InnovEmployment, situadas en Rua Julieta Ferr\u00e3o, n\u00ba12, 204, 1600-131 Lisboa, o en otras indicadas por ella.<\/li>\n<li>La elaboraci\u00f3n del cronograma para cada acci\u00f3n formativa es responsabilidad de la Coordinaci\u00f3n Pedag\u00f3gica y de la Gesti\u00f3n.<\/li>\n<li>Es obligaci\u00f3n de todo el equipo de formadores cumplir el cronograma definido, respetando \u00edntegramente las horas y pausas formativas establecidas en el mismo.<\/li>\n<li>Las fechas y horarios de las acciones formativas se difunden a trav\u00e9s de los diversos medios y canales de comunicaci\u00f3n de InnovEmployment, y se confirman en el momento de la inscripci\u00f3n.<\/li>\n<li>Pueden producirse cambios en la fecha y el lugar de realizaci\u00f3n de la acci\u00f3n formativa. Cuando esto ocurra, los cambios ser\u00e1n comunicados a los alumnos y formadores, por contacto telef\u00f3nico y <em>e-mail<\/em>, con la mayor brevedad posible. <\/li>\n<li>Por motivos operativos o factores externos a la entidad, InnovEmployment se reserva el derecho de realizar ajustes puntuales en t\u00e9rminos de fechas, horarios y lugares de realizaci\u00f3n de la acci\u00f3n, informando previamente a los alumnos del respectivo cambio con la mayor antelaci\u00f3n posible.<strong> <\/strong><\/li>\n<\/ol>\n<p style=\"text-align: center;\"><strong>Art\u00edculo 5\u00ba<br \/>\n<\/strong><strong>Condiciones de funcionamiento<\/strong><\/p>\n<ol style=\"text-align: justify;\">\n<li>La definici\u00f3n del calendario y horarios de las acciones formativas es responsabilidad de InnovEmployment.<\/li>\n<li>Cada acci\u00f3n formativa dispone de un horario propio, que debe ser respetado por los alumnos y formadores.<\/li>\n<li>La fecha, el horario y lugar de la formaci\u00f3n deben estar permanentemente actualizados y disponibles para consulta en los <em>Flyers<\/em> Promocionales, as\u00ed como en la <em>web<\/em> de INNOVEMPLOYMENT y son confirmados con los alumnos en el momento de la recepci\u00f3n y validaci\u00f3n de su inscripci\u00f3n.<\/li>\n<\/ol>\n<p style=\"text-align: center;\"><strong>Art\u00edculo 6\u00ba<br \/>\n<\/strong><strong>Condiciones de asistencia<\/strong><\/p>\n<ol style=\"text-align: justify;\">\n<li>Las acciones formativas promovidas por InnovEmployment est\u00e1n destinadas a todos los activos (empleados y desempleados), que deseen reciclar y\/o perfeccionar sus conocimientos, siempre que se ajusten al perfil definido para cada acci\u00f3n formativa.<\/li>\n<li>La participaci\u00f3n en la acci\u00f3n formativa queda confirmada tras la recepci\u00f3n del Bolet\u00edn de Inscripci\u00f3n\/Contrato de Formaci\u00f3n, debidamente firmados, y el correspondiente comprobante de pago del valor total de la acci\u00f3n formativa.<\/li>\n<\/ol>\n<p style=\"text-align: center;\"><strong>Art\u00edculo 7\u00ba<br \/>\n<\/strong><strong>Inscripci\u00f3n de los candidatos<\/strong><\/p>\n<ol style=\"text-align: justify;\">\n<li>La inscripci\u00f3n de los alumnos para asistir a una acci\u00f3n formativa se realiza mediante la cumplimentaci\u00f3n y env\u00edo, v\u00eda <em>e-mail<\/em>, a InnovEmployment, del Bolet\u00edn de Inscripci\u00f3n\/Contrato de Formaci\u00f3n y el correspondiente comprobante de pago del valor total de la acci\u00f3n formativa.<\/li>\n<li>El n\u00famero m\u00ednimo y m\u00e1ximo de alumnos admitidos por acci\u00f3n formativa es definido por InnovEmployment.<\/li>\n<li>Si la inscripci\u00f3n es aceptada, los alumnos reciben un <em>e-mail<\/em> con la confirmaci\u00f3n de su inscripci\u00f3n, con el cronograma, horarios de la formaci\u00f3n, direcci\u00f3n del lugar de realizaci\u00f3n, reglamento de la formaci\u00f3n y dem\u00e1s informaci\u00f3n que se considere pertinente para la asistencia a dicha acci\u00f3n formativa.<\/li>\n<li>Con tres d\u00edas de antelaci\u00f3n a la fecha de realizaci\u00f3n de la acci\u00f3n formativa, se env\u00eda un nuevo <em>e-mail<\/em> con el objetivo de recordar a los alumnos su participaci\u00f3n.<\/li>\n<li>Si el n\u00famero de inscritos excede el l\u00edmite m\u00e1ximo estipulado para cada acci\u00f3n formativa, y si se justifica, InnovEmployment puede proceder a la calendarizaci\u00f3n y realizaci\u00f3n de una nueva edici\u00f3n, con la m\u00e1xima brevedad posible.<strong> <\/strong><\/li>\n<\/ol>\n<p style=\"text-align: center;\"><strong>Art\u00edculo 8\u00ba<br \/>\n<\/strong><strong>Selecci\u00f3n de los candidatos<\/strong><\/p>\n<ol style=\"text-align: justify;\">\n<li>La selecci\u00f3n de los alumnos es responsabilidad de la Coordinaci\u00f3n Pedag\u00f3gica de InnovEmployment y se realiza de acuerdo con los criterios definidos para cada acci\u00f3n formativa.<\/li>\n<li>El n\u00famero de participantes, por acci\u00f3n, es limitado, por lo que la selecci\u00f3n de estos se efect\u00faa por orden de recepci\u00f3n de las inscripciones y en base al perfil profesional definido para la acci\u00f3n formativa. Excepcionalmente, podr\u00e1n ser aceptados alumnos que no correspondan totalmente a ese perfil, mediante apreciaci\u00f3n curricular realizada por el Gestor de Formaci\u00f3n, en colaboraci\u00f3n con los Coordinadores. <\/li>\n<\/ol>\n<p style=\"text-align: center;\"><strong>Art\u00edculo 9\u00ba<br \/>\n<\/strong><strong>Condiciones de pago y pol\u00edtica de devoluci\u00f3n<\/strong><\/p>\n<ol style=\"text-align: justify;\">\n<li>El valor a pagar por la inscripci\u00f3n en cada acci\u00f3n formativa es fijado por InnovEmployment y se encuentra disponible en los Folletos Promocionales y <em>web<\/em><\/li>\n<li>Este valor deber\u00e1 ser liquidado de una sola vez y antes del inicio de la acci\u00f3n formativa.<\/li>\n<li>El pago es efectuado, por el participante o por la entidad patronal, mediante transferencia bancaria, de acuerdo con los siguientes datos:<\/li>\n<\/ol>\n<ul style=\"text-align: justify;\">\n<li>ENTIDAD: INNOVEMPLOYMENT &#8211; Gesti\u00f3n de Conocimiento, Unipersonal Lda<\/li>\n<li>BANCO: CAIXA GERAL DE DEP\u00d3SITOS S.A.<\/li>\n<li>IBAN: PT50 0035 0137 00081320230 44<\/li>\n<li>BIC\/SWIFT: CGDIPTPL<\/li>\n<\/ul>\n<ol style=\"text-align: justify;\" start=\"4\">\n<li>Tras la confirmaci\u00f3n de la recepci\u00f3n del pago, InnovEmployment emite la correspondiente Factura\/Recibo.<\/li>\n<li>El valor a pagar por cada inscripci\u00f3n incluye la participaci\u00f3n en la acci\u00f3n formativa, los <em>coffee-breaks<\/em>, si los hubiera, toda la documentaci\u00f3n de apoyo y el Certificado de Participaci\u00f3n o de Formaci\u00f3n Profesional.<\/li>\n<li>Si la acci\u00f3n formativa no se realiza en la fecha prevista o es cancelada, por motivos ajenos a los alumnos, estos tienen derecho a la devoluci\u00f3n del valor pagado o a mantener un cr\u00e9dito para una participaci\u00f3n futura, si la misma ya tiene otra fecha prevista.<\/li>\n<li>Cuando, por motivo de accidente grave o enfermedad, debidamente comprobados, los alumnos no puedan continuar asistiendo a la acci\u00f3n formativa, InnovEmployment les posibilita la asistencia a una de las acciones que se desarrollen en los meses siguientes o en la primera acci\u00f3n a iniciar, teniendo los alumnos que pagar solo una tasa del 15% para gastos administrativos referentes a su reintegraci\u00f3n.<\/li>\n<li>InnovEmployment podr\u00e1, en cualquier momento, decidir definir reducciones resultantes de eventuales promociones, estacionalidad, etc., difundiendo las mismas a trav\u00e9s de sus medios de divulgaci\u00f3n.<\/li>\n<\/ol>\n<p style=\"text-align: center;\"><strong>Art\u00edculo 10\u00ba<br \/>\n<\/strong><strong>Interrupci\u00f3n, cancelaci\u00f3n o desistimiento<\/strong><\/p>\n<ol style=\"text-align: justify;\">\n<li>InnovEmployment se reserva el derecho de cancelar la acci\u00f3n formativa con un m\u00ednimo de tres d\u00edas h\u00e1biles de antelaci\u00f3n a su realizaci\u00f3n, en caso de no alcanzar un n\u00famero m\u00ednimo de participantes o por cualquier otra raz\u00f3n que justifique su no realizaci\u00f3n.<\/li>\n<li>La cancelaci\u00f3n de la acci\u00f3n formativa se comunica por tel\u00e9fono y por <em>mail<\/em> a todos los alumnos inscritos.<\/li>\n<li>Se aceptan cancelaciones de inscripciones hasta siete d\u00edas antes de la fecha de realizaci\u00f3n de la acci\u00f3n formativa. Las anulaciones verificadas posteriormente, dan lugar a la retenci\u00f3n del 20% del valor de la inscripci\u00f3n, correspondientes a gastos de naturaleza administrativa.<\/li>\n<li>La comunicaci\u00f3n de la baja de los alumnos despu\u00e9s del inicio de la acci\u00f3n formativa no obliga a InnovEmployment a efectuar el reembolso de los importes abonados.<\/li>\n<li>Para la inscripci\u00f3n de trabajadores por las empresas, en caso de que no sea posible la presencia de los trabajadores\/alumnos, la empresa cliente puede sustituirlos por otros, siempre que se informe a InnovEmployment.<\/li>\n<\/ol>\n<p style=\"text-align: center;\"><strong>Art\u00edculo 11\u00ba<br \/>\n<\/strong><strong>Asistencia, puntualidad y r\u00e9gimen de faltas<\/strong><\/p>\n<ol style=\"text-align: justify;\">\n<li>La asistencia a la acci\u00f3n formativa es obligatoria en la situaci\u00f3n de r\u00e9gimen presencial.<\/li>\n<li>Los alumnos deben ser asiduos y puntuales, y respetar los horarios definidos para el desarrollo de la formaci\u00f3n.<\/li>\n<li>En todas las sesiones de formaci\u00f3n, ser\u00e1n facilitadas, por el\/la formador\/a, las hojas de asistencia, donde los alumnos deber\u00e1n colocar su firma, con el objetivo de controlar su asistencia.<\/li>\n<\/ol>\n<p style=\"text-align: center;\"><strong>Art\u00edculo 12\u00ba<br \/>\n<\/strong><strong>Evaluaci\u00f3n<\/strong><\/p>\n<ol style=\"text-align: justify;\">\n<li>InnovEmployment podr\u00e1 proceder a los siguientes tipos de Evaluaci\u00f3n:<\/li>\n<li>Evaluaci\u00f3n Diagn\u00f3stica, con el objetivo de identificar los conocimientos iniciales de los candidatos y verificar la existencia de los requisitos estipulados para la asistencia a cada acci\u00f3n formativa, o para una m\u00e1s correcta constituci\u00f3n de los grupos frente a los objetivos propuestos. Esta evaluaci\u00f3n puede servir tambi\u00e9n para evaluar si el candidato domina conocimientos fundamentales, especialmente a nivel de saberes en las \u00e1reas cient\u00edficas, con el fin de encaminarlo a la asistencia a una unidad de integraci\u00f3n formativa previa o para que los formadores tengan en cuenta las debilidades del grupo durante la impartici\u00f3n de los m\u00f3dulos que tengan como base esos conocimientos. <\/li>\n<li>Evaluaci\u00f3n Reactiva, que tiene por objetivo identificar los aspectos positivos y negativos del funcionamiento de la formaci\u00f3n, incluyendo la satisfacci\u00f3n, y contribuyendo a la mejora continua de las acciones formativas desarrolladas por InnovEmployment.<\/li>\n<li>Evaluaci\u00f3n de los Aprendizajes de los alumnos, que se procesar\u00e1 en el \u00e1mbito de cada unidad de acci\u00f3n formativa, de la cual deber\u00e1 resultar una evaluaci\u00f3n cualitativa y\/o cuantitativa, seg\u00fan lo que se haya considerado en su dise\u00f1o.<\/li>\n<li>Los formadores deber\u00e1n, adem\u00e1s, cumplimentar un Informe que permite hacer una evaluaci\u00f3n acerca de la participaci\u00f3n\/evoluci\u00f3n de los alumnos durante el proceso formativo, cuando sea el caso, y sobre el desarrollo de la propia acci\u00f3n.<\/li>\n<\/ol>\n<p style=\"text-align: center;\"><strong>Art\u00edculo 13\u00ba<br \/>\n<\/strong><strong>Derechos y deberes de los alumnos<\/strong><\/p>\n<ol style=\"text-align: justify;\">\n<li>Los alumnos tienen derecho a:<\/li>\n<li>Recibir la formaci\u00f3n para la cual su inscripci\u00f3n fue realizada, de acuerdo con los programas, metodolog\u00edas y procesos de trabajo definidos;<\/li>\n<li>Recibir el material de apoyo a la formaci\u00f3n previsto para cada tipo de acci\u00f3n;<\/li>\n<li>Utilizar los espacios y servicios de apoyo durante la formaci\u00f3n;<\/li>\n<li>Recibir, al final de la acci\u00f3n formativa y tras la liquidaci\u00f3n de los valores en vigor, un certificado de formaci\u00f3n\/asistencia (de acuerdo con la asistencia y aprovechamiento demostrado);<\/li>\n<li>Recurrir a la coordinaci\u00f3n de la formaci\u00f3n siempre que sea necesario:<\/li>\n<li>Rechazar la realizaci\u00f3n de actividades que no se incluyan en el objeto de la acci\u00f3n formativa;<\/li>\n<li>Que la Primera Otorgante respete y haga respetar las condiciones de Higiene y Seguridad en el Trabajo a las que estuviera obligada en los t\u00e9rminos legales.<\/li>\n<li>Los alumnos tienen el deber de:<\/li>\n<li>Asistir con asiduidad y puntualidad a la acci\u00f3n formativa, con el fin de adquirir los conocimientos te\u00f3ricos y pr\u00e1cticos que les sean impartidos, respetando el Reglamento de Funcionamiento de la Actividad Formativa en vigor;<\/li>\n<li>Participar activamente en las formaciones;<\/li>\n<li>Realizar las pruebas de evaluaci\u00f3n de conocimientos a las que sean sometidos;<\/li>\n<li>Responder con honestidad a los cuestionarios de evaluaci\u00f3n de la formaci\u00f3n;<\/li>\n<li>Respetar a los compa\u00f1eros, al formador y dem\u00e1s intervinientes en el proceso formativo;<\/li>\n<li>Guardar lealtad a InnovEmployment, especialmente, no transmitiendo al exterior informaciones confidenciales de las que tome conocimiento durante la acci\u00f3n formativa;<\/li>\n<li>Utilizar con cuidado y velar por la buena conservaci\u00f3n de los equipos y dem\u00e1s bienes que les sean confiados para efectos de formaci\u00f3n;<\/li>\n<li>Respetar las reglas de funcionamiento del local donde se desarrolla la Acci\u00f3n;<\/li>\n<li>Soportar los costes de sustituci\u00f3n o reparaci\u00f3n de equipos y materiales que utilice en el per\u00edodo de formaci\u00f3n r\u00e1pida, proporcionados por la Primera Otorgante y sus representantes, siempre que los da\u00f1os producidos resulten de comportamiento doloso o gravemente negligente;<\/li>\n<li>Cumplir el presente reglamento y condiciones del contrato.<\/li>\n<li>El incumplimiento de estos deberes confiere a InnovEmployment el derecho de rescindir el contrato de formaci\u00f3n, cesando inmediatamente todos los derechos que emanen del mismo.<\/li>\n<\/ol>\n<p style=\"text-align: center;\"><strong>Art\u00edculo 14\u00ba<br \/>\n<\/strong><strong>Principales responsabilidades del formador<\/strong><\/p>\n<ol style=\"text-align: justify;\">\n<li>Constituyen responsabilidades de los formadores:<\/li>\n<li>Cumplir el horario de funcionamiento establecido para cada acci\u00f3n formativa;<\/li>\n<li>Cumplir el contenido program\u00e1tico planificado para cada acci\u00f3n formativa;<\/li>\n<li>Contribuir a la formaci\u00f3n de los alumnos, estimulando el desarrollo de sus capacidades;<\/li>\n<li>Aclarar a los alumnos las dudas en el \u00e1mbito de la materia de la acci\u00f3n formativa;<\/li>\n<li>Solicitar a todos los alumnos la cumplimentaci\u00f3n del Cuestionario de Evaluaci\u00f3n de la Reacci\u00f3n\/Satisfacci\u00f3n;<\/li>\n<li>Cumplimentar la Hoja de Asistencias, Sumario y Ocurrencias e Informe del Formador;<\/li>\n<li>Velar por la conservaci\u00f3n de los medios materiales y t\u00e9cnicos puestos a su disposici\u00f3n.<\/li>\n<\/ol>\n<p style=\"text-align: center;\"><strong>Art\u00edculo 15\u00ba<br \/>\n<\/strong><strong>Principales deberes del equipo t\u00e9cnico<\/strong><\/p>\n<ol style=\"text-align: justify;\">\n<li> El Equipo T\u00e9cnico tiene el deber de:<br \/>\na) Preparar la sala de formaci\u00f3n en t\u00e9rminos log\u00edsticos y proceder a la instalaci\u00f3n del equipo inform\u00e1tico a utilizar en la acci\u00f3n formativa;<br \/>\nb) Distribuir toda la documentaci\u00f3n de apoyo (manuales, cuadernos y bol\u00edgrafos), aguas, etc., de acuerdo con la distribuci\u00f3n de los lugares a ocupar por los alumnos;<br \/>\nc) Estar disponible para responder a eventuales dudas de los alumnos, en lo que concierne a la organizaci\u00f3n de la acci\u00f3n formativa;<br \/>\nd) Estar informado respecto a todos los aspectos inherentes a la acci\u00f3n formativa, garantizando su intervenci\u00f3n siempre que sea necesario;<br \/>\ne) Recoger todos los documentos cumplimentados por el formador y por los alumnos;<br \/>\nf) Entregar en mano, a los alumnos los Certificados de Participaci\u00f3n.<\/li>\n<\/ol>\n<p style=\"text-align: center;\"><strong>Art\u00edculo 16\u00ba<br \/>\n<\/strong><strong>Certificado<\/strong><\/p>\n<ol style=\"text-align: justify;\">\n<li>Los alumnos tendr\u00e1n derecho a un Certificado de Formaci\u00f3n Profesional\/Certificado de Asistencia gratuito tras la conclusi\u00f3n de la acci\u00f3n formativa.<\/li>\n<li>Para ser elegible para la obtenci\u00f3n del Certificado de Participaci\u00f3n en la acci\u00f3n formativa, los alumnos deben tener un m\u00ednimo de asistencia del 75% del n\u00famero total de horas de formaci\u00f3n.<\/li>\n<li>A los alumnos que asistan a las acciones formativas que consideren evaluaci\u00f3n de conocimientos y que las concluyan con aprovechamiento, se les emitir\u00e1 un Certificado de Formaci\u00f3n Profesional a trav\u00e9s de la plataforma SIGO, de acuerdo con la Orden n\u00ba 474\/2010, de 8 de julio en su redacci\u00f3n actual.<\/li>\n<li>Los alumnos que no obtengan aprobaci\u00f3n podr\u00e1n recibir una Declaraci\u00f3n de Asistencia a Formaci\u00f3n Profesional, la cual debe ser solicitada por escrito a la Coordinaci\u00f3n Pedag\u00f3gica.<\/li>\n<li>Los certificados ser\u00e1n emitidos de acuerdo con la legislaci\u00f3n de encuadramiento, especialmente el Decreto-Ley n\u00ba396\/2007 de 31 de diciembre y la Orden 474\/2010 de 8 de julio.<\/li>\n<\/ol>\n<p style=\"text-align: center;\"><strong>Art\u00edculo 17\u00ba<br \/>\n<\/strong><strong>Gesti\u00f3n de quejas y reclamaciones<\/strong><\/p>\n<ol style=\"text-align: justify;\">\n<li>Se consideran ocurrencias y\/o reclamaciones todos los documentos presentados por alumnos, formadores u otros intervinientes en el proceso formativo que configuren la presentaci\u00f3n de una situaci\u00f3n espec\u00edfica que denuncie procedimientos, actuaci\u00f3n, condiciones log\u00edsticas y materiales, que pongan en causa el aprendizaje o atente contra la dignidad y los derechos de las personas involucradas en el proceso formativo.<\/li>\n<li>Estas situaciones deben ser comunicadas, por escrito y v\u00eda e-mail &#8211; <a href=\"mailto:geral@innovemployment.pt\">geral@innovemployment.pt<\/a>, en un plazo m\u00e1ximo de 5 d\u00edas, tras la ocurrencia.<\/li>\n<li>Seg\u00fan su naturaleza, todas las situaciones encaminadas ser\u00e1n tratadas por la Gesti\u00f3n de InnovEmployment, que deber\u00e1 presentar al reclamante una respuesta en 5 d\u00edas tras la recepci\u00f3n de la ocurrencia y\/o reclamaci\u00f3n, donde se comunica el tratamiento dado a la situaci\u00f3n.<\/li>\n<li>InnovEmployment pone a disposici\u00f3n el libro de reclamaciones.<\/li>\n<\/ol>\n<p style=\"text-align: center;\"><strong>Art\u00edculo 18\u00ba<br \/>\n<\/strong><strong>Tratamiento de los datos personales y protecci\u00f3n de datos<\/strong><\/p>\n<ol style=\"text-align: justify;\">\n<li>Los datos personales contenidos en el Bolet\u00edn de Inscripci\u00f3n\/Contrato de Formaci\u00f3n u otros documentos relativos a la formaci\u00f3n ser\u00e1n procesados inform\u00e1ticamente, garantizando la estricta confidencialidad de los mismos, por InnovEmployment.<\/li>\n<li>InnovEmployment garantiza el tratamiento legal, seguro y confidencial de los datos recogidos, comprometi\u00e9ndose a poner en pr\u00e1ctica las medidas adecuadas y necesarias para proteger y evitar el acceso indebido y no autorizado, destrucci\u00f3n, alteraci\u00f3n y difusi\u00f3n y\/o cualquier otra forma de tratamiento il\u00edcito, en los t\u00e9rminos previstos en la declaraci\u00f3n que constituyen anexos al contrato de trabajo y al contrato de formaci\u00f3n, y que forman parte integrante de los mismos.<\/li>\n<\/ol>\n<p style=\"text-align: justify;\">Lisboa, 30 de noviembre de 2024<\/p>\n[\/vc_column_text][\/vc_column][vc_column column_padding=\u00bbno-extra-padding\u00bb column_padding_tablet=\u00bbinherit\u00bb column_padding_phone=\u00bbinherit\u00bb column_padding_position=\u00bball\u00bb column_element_direction_desktop=\u00bbdefault\u00bb column_element_spacing=\u00bbdefault\u00bb desktop_text_alignment=\u00bbdefault\u00bb tablet_text_alignment=\u00bbdefault\u00bb phone_text_alignment=\u00bbdefault\u00bb background_color_opacity=\u00bb1&#8243; background_hover_color_opacity=\u00bb1&#8243; column_backdrop_filter=\u00bbnone\u00bb column_shadow=\u00bbnone\u00bb column_border_radius=\u00bbnone\u00bb column_link_target=\u00bb_self\u00bb column_position=\u00bbdefault\u00bb gradient_direction=\u00bbleft_to_right\u00bb overlay_strength=\u00bb0.3&#8243; width=\u00bb1\/6&#8243; tablet_width_inherit=\u00bbdefault\u00bb animation_type=\u00bbdefault\u00bb bg_image_animation=\u00bbnone\u00bb border_type=\u00bbsimple\u00bb column_border_width=\u00bbnone\u00bb column_border_style=\u00bbsolid\u00bb][\/vc_column][\/vc_row]\n","protected":false},"excerpt":{"rendered":"<p>[vc_row type=\u00bbfull_width_background\u00bb full_screen_row_position=\u00bbmiddle\u00bb column_margin=\u00bbdefault\u00bb column_direction=\u00bbdefault\u00bb column_direction_tablet=\u00bbdefault\u00bb column_direction_phone=\u00bbdefault\u00bb scene_position=\u00bbcenter\u00bb top_padding=\u00bb4%\u00bb bottom_padding=\u00bb4%\u00bb text_color=\u00bbdark\u00bb text_align=\u00bbleft\u00bb row_border_radius=\u00bbnone\u00bb row_border_radius_applies=\u00bbbg\u00bb overflow=\u00bbvisible\u00bb overlay_strength=\u00bb0.3&#8243; gradient_direction=\u00bbleft_to_right\u00bb shape_divider_position=\u00bbbottom\u00bb bg_image_animation=\u00bbnone\u00bb gradient_type=\u00bbdefault\u00bb shape_type=\u00bb\u00bb][vc_column column_padding=\u00bbno-extra-padding\u00bb column_padding_tablet=\u00bbinherit\u00bb column_padding_phone=\u00bbinherit\u00bb column_padding_position=\u00bball\u00bb column_element_direction_desktop=\u00bbdefault\u00bb column_element_spacing=\u00bbdefault\u00bb desktop_text_alignment=\u00bbdefault\u00bb tablet_text_alignment=\u00bbdefault\u00bb phone_text_alignment=\u00bbdefault\u00bb&#8230;<\/p>\n","protected":false},"author":1,"featured_media":0,"parent":0,"menu_order":0,"comment_status":"closed","ping_status":"closed","template":"","meta":{"footnotes":""},"class_list":["post-3879","page","type-page","status-publish"],"_links":{"self":[{"href":"https:\/\/www.innovemployment.pt\/es\/wp-json\/wp\/v2\/pages\/3879","targetHints":{"allow":["GET"]}}],"collection":[{"href":"https:\/\/www.innovemployment.pt\/es\/wp-json\/wp\/v2\/pages"}],"about":[{"href":"https:\/\/www.innovemployment.pt\/es\/wp-json\/wp\/v2\/types\/page"}],"author":[{"embeddable":true,"href":"https:\/\/www.innovemployment.pt\/es\/wp-json\/wp\/v2\/users\/1"}],"replies":[{"embeddable":true,"href":"https:\/\/www.innovemployment.pt\/es\/wp-json\/wp\/v2\/comments?post=3879"}],"version-history":[{"count":2,"href":"https:\/\/www.innovemployment.pt\/es\/wp-json\/wp\/v2\/pages\/3879\/revisions"}],"predecessor-version":[{"id":3881,"href":"https:\/\/www.innovemployment.pt\/es\/wp-json\/wp\/v2\/pages\/3879\/revisions\/3881"}],"wp:attachment":[{"href":"https:\/\/www.innovemployment.pt\/es\/wp-json\/wp\/v2\/media?parent=3879"}],"curies":[{"name":"wp","href":"https:\/\/api.w.org\/{rel}","templated":true}]}}