
{"id":4004,"date":"2025-10-03T16:00:40","date_gmt":"2025-10-03T15:00:40","guid":{"rendered":"https:\/\/www.innovemployment.pt\/vaga\/advogadoa-direito-do-trabalho\/"},"modified":"2026-04-10T17:11:39","modified_gmt":"2026-04-10T16:11:39","slug":"advogadoa-direito-do-trabalho","status":"expired","type":"job_listing","link":"https:\/\/www.innovemployment.pt\/es\/?post_type=job_listing&p=4004","title":{"rendered":"Abogado\/a \u2013 Derecho del Trabajo"},"content":{"rendered":"[vc_row type=\u00bbin_container\u00bb full_screen_row_position=\u00bbmiddle\u00bb column_margin=\u00bbdefault\u00bb column_direction=\u00bbdefault\u00bb column_direction_tablet=\u00bbdefault\u00bb column_direction_phone=\u00bbdefault\u00bb scene_position=\u00bbcenter\u00bb text_color=\u00bbdark\u00bb text_align=\u00bbleft\u00bb row_border_radius=\u00bbnone\u00bb row_border_radius_applies=\u00bbbg\u00bb overflow=\u00bbvisible\u00bb overlay_strength=\u00bb0.3&#8243; gradient_direction=\u00bbleft_to_right\u00bb shape_divider_position=\u00bbbottom\u00bb bg_image_animation=\u00bbnone\u00bb][vc_column column_padding=\u00bbno-extra-padding\u00bb column_padding_tablet=\u00bbinherit\u00bb column_padding_phone=\u00bbinherit\u00bb column_padding_position=\u00bball\u00bb column_element_direction_desktop=\u00bbdefault\u00bb column_element_spacing=\u00bbdefault\u00bb desktop_text_alignment=\u00bbdefault\u00bb tablet_text_alignment=\u00bbdefault\u00bb phone_text_alignment=\u00bbdefault\u00bb background_color_opacity=\u00bb1&#8243; background_hover_color_opacity=\u00bb1&#8243; column_backdrop_filter=\u00bbnone\u00bb column_shadow=\u00bbnone\u00bb column_border_radius=\u00bbnone\u00bb column_link_target=\u00bb_self\u00bb column_position=\u00bbdefault\u00bb gradient_direction=\u00bbleft_to_right\u00bb overlay_strength=\u00bb0.3&#8243; width=\u00bb1\/1&#8243; tablet_width_inherit=\u00bbdefault\u00bb animation_type=\u00bbdefault\u00bb bg_image_animation=\u00bbnone\u00bb border_type=\u00bbsimple\u00bb column_border_width=\u00bbnone\u00bb column_border_style=\u00bbsolid\u00bb][toggles style=\u00bbdefault\u00bb border_radius=\u00bb10px\u00bb][toggle color=\u00bbAccent-Color\u00bb heading_tag=\u00bbdefault\u00bb heading_tag_functionality=\u00bbdefault\u00bb title=\u00bbEMPRESA\u00bb][vc_column_text css=\u00bb\u00bb text_direction=\u00bbdefault\u00bb]\n<div class=\"elementor-element elementor-element-bcd5e6a elementor-tabs-view-horizontal elementor-widget elementor-widget-tabs\" data-id=\"bcd5e6a\" data-element_type=\"widget\" data-widget_type=\"tabs.default\">\n<div class=\"elementor-widget-container\">\n<div class=\"elementor-tabs\">\n<div class=\"elementor-tabs-content-wrapper\" role=\"tablist\">\n<div id=\"elementor-tab-content-1987\" class=\"elementor-tab-content elementor-clearfix elementor-active\" role=\"tabpanel\" data-tab=\"7\" aria-labelledby=\"elementor-tab-title-1987\">\n<div class=\"elementor-element elementor-element-23cd01dd elementor-tabs-view-horizontal elementor-widget elementor-widget-tabs\" data-id=\"23cd01dd\" data-element_type=\"widget\" data-widget_type=\"tabs.default\">\n<div class=\"elementor-widget-container\">\n<div class=\"elementor-tabs\">\n<div class=\"elementor-tabs-content-wrapper\" role=\"tablist\">\n<div id=\"elementor-tab-content-6001\" class=\"elementor-tab-content elementor-clearfix elementor-active\" role=\"tabpanel\" data-tab=\"1\" aria-labelledby=\"elementor-tab-title-6001\">\n<p>Estamos reclutando: Abogado(a) &#8211; Derecho Laboral para un Despacho de Abogados con presencia nacional e internacional<\/p>\n<p>Almancil, Loul\u00e9<\/p>\n<\/div>\n<\/div>\n<\/div>\n<\/div>\n<\/div>\n<div class=\"elementor-element elementor-element-6166f226 elementor-widget elementor-widget-button\" data-id=\"6166f226\" data-element_type=\"widget\" data-widget_type=\"button.default\">\n<div class=\"elementor-widget-container\">\n<div class=\"elementor-button-wrapper\">\n<p>Incorporaci\u00f3n Inmediata<\/p>\n<p>CANDIDATURA:<br \/>\n&#8211; Todas las candidaturas deben incluir el CV del candidato(a) y una carta de motivaci\u00f3n.<\/p>\n<\/div>\n<\/div>\n<\/div>\n<\/div>\n<\/div>\n<\/div>\n<\/div>\n<\/div>\n<div class=\"elementor-element elementor-element-7cda0087 elementor-widget elementor-widget-button\" data-id=\"7cda0087\" data-element_type=\"widget\" data-widget_type=\"button.default\">\n<div class=\"elementor-widget-container\">\n<div class=\"elementor-button-wrapper\"><\/div>\n<\/div>\n<\/div>\n[\/vc_column_text][\/toggle][toggle color=\u00bbAccent-Color\u00bb heading_tag=\u00bbdefault\u00bb heading_tag_functionality=\u00bbdefault\u00bb title=\u00bbREQUISITOS\u00bb][vc_column_text css=\u00bb\u00bb text_direction=\u00bbdefault\u00bb]<strong>Competencias T\u00e9cnicas:<\/strong><\/p>\n<ul>\n<li>Licenciatura en Derecho con nota media igual o superior a 13 puntos, por Universidad portuguesa;<\/li>\n<li>Experiencia profesional en Derecho Laboral igual o superior a 5 a\u00f1os tras la colegiaci\u00f3n;<\/li>\n<li>Dominio del espa\u00f1ol o ingl\u00e9s (hablado y escrito).<\/li>\n<\/ul>\n<p><strong>Factores Preferenciales:<\/strong><\/p>\n<ul>\n<li>Posgrado o m\u00e1ster en Derecho Laboral;<\/li>\n<li>Inter\u00e9s y experiencia en formaci\u00f3n para empresas en el \u00e1rea del Derecho Laboral;<\/li>\n<li>Inter\u00e9s y experiencia en automatizaci\u00f3n y uso de herramientas de inteligencia artificial.<\/li>\n<\/ul>\n[\/vc_column_text][\/toggle][toggle color=\u00bbAccent-Color\u00bb heading_tag=\u00bbdefault\u00bb heading_tag_functionality=\u00bbdefault\u00bb title=\u00bbPROTECCI\u00d3N DE DATOS\u00bb][vc_column_text css=\u00bb\u00bb text_direction=\u00bbdefault\u00bb]\n<div class=\"elementor-element elementor-element-bcd5e6a elementor-tabs-view-horizontal elementor-widget elementor-widget-tabs\" data-id=\"bcd5e6a\" data-element_type=\"widget\" data-widget_type=\"tabs.default\">\n<div class=\"elementor-widget-container\">\n<div class=\"elementor-tabs\">\n<div class=\"elementor-tabs-content-wrapper\" role=\"tablist\">\n<div id=\"elementor-tab-content-1987\" class=\"elementor-tab-content elementor-clearfix elementor-active\" role=\"tabpanel\" data-tab=\"7\" aria-labelledby=\"elementor-tab-title-1987\">\n<p>Los datos recopilados por <strong>InnovEmployment<\/strong> se destinan \u00fanicamente al proceso de reclutamiento en cuesti\u00f3n. Ser\u00e1n recopilados, utilizados y gestionados exclusivamente por estas entidades y, finalizado el proceso en curso, ser\u00e1n eliminados. No se archivar\u00e1n y\/o utilizar\u00e1n para otros procesos de reclutamiento cualesquiera candidaturas y los datos personales de los respectivos candidatos sin autorizaci\u00f3n previa facilitada por escrito por los mismos.<\/p>\n<\/div>\n<\/div>\n<\/div>\n<\/div>\n<\/div>\n<div class=\"elementor-element elementor-element-7cda0087 elementor-widget elementor-widget-button\" data-id=\"7cda0087\" data-element_type=\"widget\" data-widget_type=\"button.default\">\n<div class=\"elementor-widget-container\">\n<div class=\"elementor-button-wrapper\"><\/div>\n<\/div>\n<\/div>\n[\/vc_column_text][\/toggle][\/toggles][\/vc_column][\/vc_row]\n","protected":false},"author":5,"featured_media":1647,"template":"","meta":{"_promoted":"","_job_location":"Almancil, Loul\u00e9","_application":"hiring@innovemployment.pt","_company_name":"Despacho de Abogados","_company_website":"","_company_tagline":"Almancil | Tiempo Completo | Presencial","_company_twitter":"","_company_video":"","_filled":0,"_featured":0,"_remote_position":0,"_job_salary":"","_job_salary_currency":"","_job_salary_unit":""},"job-types":[116],"class_list":{"0":"post-4004","1":"job_listing","2":"type-job_listing","3":"status-expired","4":"has-post-thumbnail","6":"job-type-trabajo"},"_links":{"self":[{"href":"https:\/\/www.innovemployment.pt\/es\/wp-json\/wp\/v2\/job-listings\/4004","targetHints":{"allow":["GET"]}}],"collection":[{"href":"https:\/\/www.innovemployment.pt\/es\/wp-json\/wp\/v2\/job-listings"}],"about":[{"href":"https:\/\/www.innovemployment.pt\/es\/wp-json\/wp\/v2\/types\/job_listing"}],"author":[{"embeddable":true,"href":"https:\/\/www.innovemployment.pt\/es\/wp-json\/wp\/v2\/users\/5"}],"wp:featuredmedia":[{"embeddable":true,"href":"https:\/\/www.innovemployment.pt\/es\/wp-json\/wp\/v2\/media\/1647"}],"wp:attachment":[{"href":"https:\/\/www.innovemployment.pt\/es\/wp-json\/wp\/v2\/media?parent=4004"}],"wp:term":[{"taxonomy":"job_listing_type","embeddable":true,"href":"https:\/\/www.innovemployment.pt\/es\/wp-json\/wp\/v2\/job-types?post=4004"}],"curies":[{"name":"wp","href":"https:\/\/api.w.org\/{rel}","templated":true}]}}