
{"id":3450,"date":"2025-10-03T15:57:47","date_gmt":"2025-10-03T14:57:47","guid":{"rendered":"https:\/\/www.innovemployment.pt\/?post_type=job_listing&#038;p=3450"},"modified":"2025-11-04T19:19:29","modified_gmt":"2025-11-04T19:19:29","slug":"advogado","status":"expired","type":"job_listing","link":"https:\/\/www.innovemployment.pt\/?post_type=job_listing&p=3450","title":{"rendered":"Advogado(a) &#8211; Direito do Trabalho"},"content":{"rendered":"[vc_row type=\u00bbin_container\u00bb full_screen_row_position=\u00bbmiddle\u00bb column_margin=\u00bbdefault\u00bb column_direction=\u00bbdefault\u00bb column_direction_tablet=\u00bbdefault\u00bb column_direction_phone=\u00bbdefault\u00bb scene_position=\u00bbcenter\u00bb text_color=\u00bbdark\u00bb text_align=\u00bbleft\u00bb row_border_radius=\u00bbnone\u00bb row_border_radius_applies=\u00bbbg\u00bb overflow=\u00bbvisible\u00bb overlay_strength=\u00bb0.3&#8243; gradient_direction=\u00bbleft_to_right\u00bb shape_divider_position=\u00bbbottom\u00bb bg_image_animation=\u00bbnone\u00bb][vc_column column_padding=\u00bbno-extra-padding\u00bb column_padding_tablet=\u00bbinherit\u00bb column_padding_phone=\u00bbinherit\u00bb column_padding_position=\u00bball\u00bb column_element_direction_desktop=\u00bbdefault\u00bb column_element_spacing=\u00bbdefault\u00bb desktop_text_alignment=\u00bbdefault\u00bb tablet_text_alignment=\u00bbdefault\u00bb phone_text_alignment=\u00bbdefault\u00bb background_color_opacity=\u00bb1&#8243; background_hover_color_opacity=\u00bb1&#8243; column_backdrop_filter=\u00bbnone\u00bb column_shadow=\u00bbnone\u00bb column_border_radius=\u00bbnone\u00bb column_link_target=\u00bb_self\u00bb column_position=\u00bbdefault\u00bb gradient_direction=\u00bbleft_to_right\u00bb overlay_strength=\u00bb0.3&#8243; width=\u00bb1\/1&#8243; tablet_width_inherit=\u00bbdefault\u00bb animation_type=\u00bbdefault\u00bb bg_image_animation=\u00bbnone\u00bb border_type=\u00bbsimple\u00bb column_border_width=\u00bbnone\u00bb column_border_style=\u00bbsolid\u00bb][toggles style=\u00bbdefault\u00bb border_radius=\u00bb10px\u00bb][toggle color=\u00bbAccent-Color\u00bb heading_tag=\u00bbdefault\u00bb heading_tag_functionality=\u00bbdefault\u00bb title=\u00bbEMPRESA\u00bb][vc_column_text css=\u00bb\u00bb text_direction=\u00bbdefault\u00bb]\n<div class=\"elementor-element elementor-element-bcd5e6a elementor-tabs-view-horizontal elementor-widget elementor-widget-tabs\" data-id=\"bcd5e6a\" data-element_type=\"widget\" data-widget_type=\"tabs.default\">\n<div class=\"elementor-widget-container\">\n<div class=\"elementor-tabs\">\n<div class=\"elementor-tabs-content-wrapper\" role=\"tablist\">\n<div id=\"elementor-tab-content-1987\" class=\"elementor-tab-content elementor-clearfix elementor-active\" role=\"tabpanel\" data-tab=\"7\" aria-labelledby=\"elementor-tab-title-1987\">\n<div class=\"elementor-element elementor-element-23cd01dd elementor-tabs-view-horizontal elementor-widget elementor-widget-tabs\" data-id=\"23cd01dd\" data-element_type=\"widget\" data-widget_type=\"tabs.default\">\n<div class=\"elementor-widget-container\">\n<div class=\"elementor-tabs\">\n<div class=\"elementor-tabs-content-wrapper\" role=\"tablist\">\n<div id=\"elementor-tab-content-6001\" class=\"elementor-tab-content elementor-clearfix elementor-active\" role=\"tabpanel\" data-tab=\"1\" aria-labelledby=\"elementor-tab-title-6001\">\n<p>Estamos a recrutar: Advogado(a) &#8211; Direito do Trabalho para uma Sociedade de Advogados com presen\u00e7a nacional e internacional<\/p>\n<p>Porto<\/p>\n<\/div>\n<\/div>\n<\/div>\n<\/div>\n<\/div>\n<div class=\"elementor-element elementor-element-6166f226 elementor-widget elementor-widget-button\" data-id=\"6166f226\" data-element_type=\"widget\" data-widget_type=\"button.default\">\n<div class=\"elementor-widget-container\">\n<div class=\"elementor-button-wrapper\">\n<p>Entrada Imediata<\/p>\n<p>CANDIDATURA:<br \/>\n&#8211; Todas as candidaturas devem considerar o CV do(a) candidato(a) e uma carta de motiva\u00e7\u00e3o.<\/p>\n<\/div>\n<\/div>\n<\/div>\n<\/div>\n<\/div>\n<\/div>\n<\/div>\n<\/div>\n<div class=\"elementor-element elementor-element-7cda0087 elementor-widget elementor-widget-button\" data-id=\"7cda0087\" data-element_type=\"widget\" data-widget_type=\"button.default\">\n<div class=\"elementor-widget-container\">\n<div class=\"elementor-button-wrapper\"><\/div>\n<\/div>\n<\/div>\n[\/vc_column_text][\/toggle][toggle color=\u00bbAccent-Color\u00bb heading_tag=\u00bbdefault\u00bb heading_tag_functionality=\u00bbdefault\u00bb title=\u00bbREQUISITOS\u00bb][vc_column_text css=\u00bb\u00bb text_direction=\u00bbdefault\u00bb]<strong>Compet\u00eancias T\u00e9cnicas:<\/strong><\/p>\n<ul>\n<li>Licenciatura em Direito com m\u00e9dia igual ou superior a 13 valores, por Universidade portuguesa;<\/li>\n<li>Experi\u00eancia profissional em Direito do Trabalho igual ou superior a 5 anos ap\u00f3s agrega\u00e7\u00e3o;<\/li>\n<li>Dom\u00ednio de Espanhol ou Ingl\u00eas (falado e escrito).<\/li>\n<\/ul>\n<p><strong>Fatores Preferenciais:<\/strong><\/p>\n<ul>\n<li>P\u00f3s-gradua\u00e7\u00e3o ou mestrado em Direito do trabalho;<\/li>\n<li>Interesse e experi\u00eancia em forma\u00e7\u00e3o para empresas na \u00e1rea do Direito do trabalho;<\/li>\n<li>Interesse e experi\u00eancia pela automa\u00e7\u00e3o e uso de ferramentas de intelig\u00eancia artificial.<\/li>\n<\/ul>\n[\/vc_column_text][\/toggle][toggle color=\u00bbAccent-Color\u00bb heading_tag=\u00bbdefault\u00bb heading_tag_functionality=\u00bbdefault\u00bb title=\u00bbPROTE\u00c7\u00c3O DE DADOS\u00bb][vc_column_text css=\u00bb\u00bb text_direction=\u00bbdefault\u00bb]\n<div class=\"elementor-element elementor-element-bcd5e6a elementor-tabs-view-horizontal elementor-widget elementor-widget-tabs\" data-id=\"bcd5e6a\" data-element_type=\"widget\" data-widget_type=\"tabs.default\">\n<div class=\"elementor-widget-container\">\n<div class=\"elementor-tabs\">\n<div class=\"elementor-tabs-content-wrapper\" role=\"tablist\">\n<div id=\"elementor-tab-content-1987\" class=\"elementor-tab-content elementor-clearfix elementor-active\" role=\"tabpanel\" data-tab=\"7\" aria-labelledby=\"elementor-tab-title-1987\">\n<p>Os dados recolhidos pela <strong>InnovEmployment<\/strong> destinam-se apenas ao processo de recrutamento em apre\u00e7o. Ser\u00e3o recolhidos, utilizados e geridos exclusivamente por estas entidades e, findo o processo em curso, ser\u00e3o eliminados. N\u00e3o ser\u00e3o arquivadas e\/ou utilizadas para outros processos de recrutamento quaisquer candidaturas e os dados pessoais dos respetivos candidatos sem autoriza\u00e7\u00e3o pr\u00e9via facultada por escrito pelos mesmos.<\/p>\n<\/div>\n<\/div>\n<\/div>\n<\/div>\n<\/div>\n<div class=\"elementor-element elementor-element-7cda0087 elementor-widget elementor-widget-button\" data-id=\"7cda0087\" data-element_type=\"widget\" data-widget_type=\"button.default\">\n<div class=\"elementor-widget-container\">\n<div class=\"elementor-button-wrapper\"><\/div>\n<\/div>\n<\/div>\n[\/vc_column_text][\/toggle][\/toggles][\/vc_column][\/vc_row]\n","protected":false},"author":5,"featured_media":1645,"template":"","meta":{"_promoted":"","_job_location":"Porto","_application":"hiring@innovemployment.pt","_company_name":"Sociedade de Advogados","_company_website":"","_company_tagline":"Porto | Full-Time | Presencial","_company_twitter":"","_company_video":"","_filled":0,"_featured":0,"_remote_position":0,"_job_salary":"","_job_salary_currency":"","_job_salary_unit":""},"job-types":[34],"class_list":{"0":"post-3450","1":"job_listing","2":"type-job_listing","3":"status-expired","4":"has-post-thumbnail","6":"job-type-emprego"},"_links":{"self":[{"href":"https:\/\/www.innovemployment.pt\/es\/wp-json\/wp\/v2\/job-listings\/3450","targetHints":{"allow":["GET"]}}],"collection":[{"href":"https:\/\/www.innovemployment.pt\/es\/wp-json\/wp\/v2\/job-listings"}],"about":[{"href":"https:\/\/www.innovemployment.pt\/es\/wp-json\/wp\/v2\/types\/job_listing"}],"author":[{"embeddable":true,"href":"https:\/\/www.innovemployment.pt\/es\/wp-json\/wp\/v2\/users\/5"}],"wp:featuredmedia":[{"embeddable":true,"href":"https:\/\/www.innovemployment.pt\/es\/wp-json\/wp\/v2\/media\/1645"}],"wp:attachment":[{"href":"https:\/\/www.innovemployment.pt\/es\/wp-json\/wp\/v2\/media?parent=3450"}],"wp:term":[{"taxonomy":"job_listing_type","embeddable":true,"href":"https:\/\/www.innovemployment.pt\/es\/wp-json\/wp\/v2\/job-types?post=3450"}],"curies":[{"name":"wp","href":"https:\/\/api.w.org\/{rel}","templated":true}]}}